{"id":15897,"date":"2016-09-12T20:57:52","date_gmt":"2016-09-12T18:57:52","guid":{"rendered":"http:\/\/www.legeasll.com\/asll\/?page_id=15897"},"modified":"2025-09-22T20:28:08","modified_gmt":"2025-09-22T18:28:08","slug":"rando","status":"publish","type":"page","link":"https:\/\/www.legeasll.com\/asll\/rando\/","title":{"rendered":"Randonn\u00e9e p\u00e9destre"},"content":{"rendered":"\n<figure class=\"wp-block-image size-full\"><img loading=\"lazy\" decoding=\"async\" width=\"1000\" height=\"500\" src=\"https:\/\/www.legeasll.com\/asll\/wp-content\/uploads\/2025\/09\/Home_Rando-1000x500-1.jpg\" alt=\"\" class=\"wp-image-17925\" style=\"aspect-ratio:16\/9;object-fit:contain\" srcset=\"https:\/\/www.legeasll.com\/asll\/wp-content\/uploads\/2025\/09\/Home_Rando-1000x500-1.jpg 1000w, https:\/\/www.legeasll.com\/asll\/wp-content\/uploads\/2025\/09\/Home_Rando-1000x500-1-300x150.jpg 300w, https:\/\/www.legeasll.com\/asll\/wp-content\/uploads\/2025\/09\/Home_Rando-1000x500-1-768x384.jpg 768w\" sizes=\"auto, (max-width: 1000px) 100vw, 1000px\" \/><\/figure>\n\n\n\n<div style=\"height:100px\" aria-hidden=\"true\" class=\"wp-block-spacer\"><\/div>\n\n\n\n<h2 class=\"wp-block-heading\">Pr\u00e9sentation section randonn\u00e9e p\u00e9destre<\/h2>\n\n\n\n<p>Les sentiers \u00e0 Leg\u00e9 : (t\u00e9l\u00e9chargements au format PDF)<\/p>\n\n\n\n<ul class=\"wp-block-list\">\n<li>Le sentier des Sangliers (15 km)<\/li>\n\n\n\n<li>Le sentier des Chapelles (14 km)<\/li>\n\n\n\n<li>Le Circuit Culture et Patrimoine (6,7 km)<\/li>\n\n\n\n<li>Le sentier de la Vall\u00e9e de la Logne (14 km), liaison Leg\u00e9 &#8211; Corcou\u00e9<\/li>\n\n\n\n<li>Au fil des chemins, entre Logne et Boulogne (17,5 km), liaison Leg\u00e9 &#8211; Historial des Lucs-sur-Boulogne<\/li>\n<\/ul>\n\n\n\n<p><strong>Rythme des sorties de randonn\u00e9es :<\/strong><br><br>Premier dimanche de chaque mois : l&rsquo;hiver en apr\u00e8s-midi, printemps \u00e9t\u00e9 toute la journ\u00e9e ou en soir\u00e9e.<br><br>Troisi\u00e8me dimanche de chaque mois : de 9h00 \u00e0 environ 12h00.<\/p>\n\n\n\n<div class=\"wp-block-columns is-layout-flex wp-container-core-columns-is-layout-28f84493 wp-block-columns-is-layout-flex\">\n<div class=\"wp-block-column is-layout-flow wp-block-column-is-layout-flow\">\n<div class=\"wp-block-buttons alignfull is-content-justification-center is-layout-flex wp-container-core-buttons-is-layout-a89b3969 wp-block-buttons-is-layout-flex\">\n<div class=\"wp-block-button\"><a class=\"wp-block-button__link wp-element-button\" href=\"https:\/\/www.legeasll.com\/asll\/wp-content\/uploads\/2025\/08\/ProgRando25-26.pdf\" target=\"_blank\" rel=\"noreferrer noopener\">Programme 2025-2026<\/a><\/div>\n<\/div>\n<\/div>\n\n\n\n<div class=\"wp-block-column is-layout-flow wp-block-column-is-layout-flow\">\n<div class=\"wp-block-buttons alignfull is-content-justification-center is-layout-flex wp-container-core-buttons-is-layout-a89b3969 wp-block-buttons-is-layout-flex\">\n<div class=\"wp-block-button\"><a class=\"wp-block-button__link wp-element-button\" href=\"https:\/\/www.legeasll.com\/asll\/wp-content\/uploads\/2025\/08\/Adh\u00e9sion25-26.pdf\" target=\"_blank\" rel=\"noreferrer noopener\">Bulletin d&rsquo;adh\u00e9sion<\/a><\/div>\n<\/div>\n<\/div>\n\n\n\n<div class=\"wp-block-column is-layout-flow wp-block-column-is-layout-flow\">\n<div class=\"wp-block-buttons alignfull is-content-justification-center is-layout-flex wp-container-core-buttons-is-layout-a89b3969 wp-block-buttons-is-layout-flex\">\n<div class=\"wp-block-button\"><a class=\"wp-block-button__link wp-element-button\" href=\"https:\/\/www.legeasll.com\/asll\/wp-content\/uploads\/2019\/10\/Int\u00e9grer-Agenda-ASLL-Rando.pdf\" target=\"_blank\" rel=\"noreferrer noopener\">Int\u00e9grer l&rsquo;agenda<\/a><\/div>\n<\/div>\n<\/div>\n<\/div>\n\n\n\n<p><strong>1988 :<\/strong> Fl\u00e9chage du premier circuit de randonn\u00e9e<br><br><strong>1991 :<\/strong> La section randonn\u00e9e adh\u00e8re \u00e0 l\u2019ASLL. Mise en place d\u2019autres circuits entre Leg\u00e9 et Touvois, avec l\u2019aide des \u00e9l\u00e8ves de la maison familiale.<br><br><strong>1992 :<\/strong> Premi\u00e8re sortie commune avec Touvois.<br><br><strong>25 avril 1993 :<\/strong> Inauguration officielle des circuits<br><br><strong>2002 :<\/strong> \u00c9dition d\u2019un guide de randonn\u00e9e cantonale. Un circuit pour Leg\u00e9, un circuit du patrimoine (bourg), 3 boucles 7, 14, 17 km. Plaquettes disponibles \u00e0 l\u2019office du Tourisme de Leg\u00e9.<br><br><strong>Depuis 2002<\/strong> : Une sortie cantonale annuelle de 3 jours en juin.<br><br><strong>Depuis 2007<\/strong> : Une sortie cantonale annuelle d\u2019une semaine en septembre. <a href=\"https:\/\/www.legeasll.com\/asll\/wp-content\/uploads\/2025\/05\/Historique-sorties-nuit\u00e9es.pdf\" target=\"_blank\" rel=\"noreferrer noopener\">Tout l&rsquo;historique de ces sorties est accessible dans les actualit\u00e9s<\/a>.<\/p>\n\n\n\n<div style=\"height:100px\" aria-hidden=\"true\" class=\"wp-block-spacer\"><\/div>\n\n\n<ul class=\"wp-block-latest-posts__list wp-block-latest-posts\"><li><div class=\"wp-block-latest-posts__featured-image alignleft\"><img loading=\"lazy\" decoding=\"async\" width=\"150\" height=\"150\" src=\"https:\/\/www.legeasll.com\/asll\/wp-content\/uploads\/2026\/04\/Maulevrier22B-150x150.jpeg\" class=\"attachment-thumbnail size-thumbnail wp-post-image\" alt=\"\" style=\"\" \/><\/div><a class=\"wp-block-latest-posts__post-title\" href=\"https:\/\/www.legeasll.com\/asll\/2026\/04\/15\/maulevrier-12-04-2026\/\">Maul\u00e9vrier &#8211; 12\/04\/2026<\/a><div class=\"wp-block-latest-posts__post-excerpt\">M\u00e9t\u00e9o : Chiffres : 17 randonneursSentier du Rossignol \u00e0 Maul\u00e9vrierNous partons de la place Emilie Chacun pour rejoindre le sentier longeant le parc Oriental, puis le lac du Verdon. Chemin tr\u00e8s facile s&rsquo;\u00e9loignant tr\u00e8s peu du lac.\u00a0Apr\u00e8s la rando nous avan\u00e7ons pour la visite du parc Oriental, visite appr\u00e9ci\u00e9e de tous.Avant le retour pour Leg\u00e9,\u2026 <a class=\"wp-block-latest-posts__read-more\" href=\"https:\/\/www.legeasll.com\/asll\/2026\/04\/15\/maulevrier-12-04-2026\/\" rel=\"noopener noreferrer\">Lire la suite<span class=\"screen-reader-text\">\u00a0: Maul\u00e9vrier &#8211; 12\/04\/2026<\/span><\/a><\/div><\/li>\n<li><div class=\"wp-block-latest-posts__featured-image alignleft\"><img loading=\"lazy\" decoding=\"async\" width=\"150\" height=\"150\" src=\"https:\/\/www.legeasll.com\/asll\/wp-content\/uploads\/2026\/03\/La-Genetouze06B-150x150.jpeg\" class=\"attachment-thumbnail size-thumbnail wp-post-image\" alt=\"\" style=\"\" \/><\/div><a class=\"wp-block-latest-posts__post-title\" href=\"https:\/\/www.legeasll.com\/asll\/2026\/03\/30\/la-genetouze-29-03-2026\/\">La Gen\u00e9touze &#8211; 29\/03\/2026<\/a><div class=\"wp-block-latest-posts__post-excerpt\">M\u00e9t\u00e9o : Temps magnifique, un peu frisquet au d\u00e9partChiffres : 13 randonneursCircuit \u00ab\u00a0L&rsquo;ABBAYE\u00a0\u00bbNous partons de l&rsquo;\u00e9glise pour rejoindre la chapelle Sainte Rad\u00e9gonde, \u00ab\u00a0h\u00e9las lieu priv\u00e9\u00a0\u00bb.Nous descendons le chemin\u00a0 longeant la chapelle, un peu boueux, juste assez pour \u00ab\u00a0arroser les chaussures\u00a0\u00bb !!!!Entre petites routes et chemins de terre, nous revenons vers la Gen\u00e9touze en passant tout\u2026 <a class=\"wp-block-latest-posts__read-more\" href=\"https:\/\/www.legeasll.com\/asll\/2026\/03\/30\/la-genetouze-29-03-2026\/\" rel=\"noopener noreferrer\">Lire la suite<span class=\"screen-reader-text\">\u00a0: La Gen\u00e9touze &#8211; 29\/03\/2026<\/span><\/a><\/div><\/li>\n<li><div class=\"wp-block-latest-posts__featured-image alignleft\"><img loading=\"lazy\" decoding=\"async\" width=\"150\" height=\"150\" src=\"https:\/\/www.legeasll.com\/asll\/wp-content\/uploads\/2026\/03\/Photo-Gerard-3-150x150.jpg\" class=\"attachment-thumbnail size-thumbnail wp-post-image\" alt=\"\" style=\"\" \/><\/div><a class=\"wp-block-latest-posts__post-title\" href=\"https:\/\/www.legeasll.com\/asll\/2026\/03\/11\/marche-de-la-ligue-contre-le-cancer-09-03-2026\/\">Marche au profit de la Ligue contre le cancer &#8211; 09\/03\/2026<\/a><div class=\"wp-block-latest-posts__post-excerpt\">Marche du 9 mars : 120 personnes ont particip\u00e9 \u00e0 la marche du lundi 9 mars, organis\u00e9e par l&rsquo;ASLL, en partenariat avec la ligue contre le cancer. Les b\u00e9n\u00e9voles du comit\u00e9 44 \u00ab\u00a0Ligue contre le cancer\u00a0\u00bb remercient les b\u00e9n\u00e9voles de l&rsquo;ASLL et les g\u00e9n\u00e9reux donateurs.Album photo<\/div><\/li>\n<li><div class=\"wp-block-latest-posts__featured-image alignleft\"><img loading=\"lazy\" decoding=\"async\" width=\"150\" height=\"150\" src=\"https:\/\/www.legeasll.com\/asll\/wp-content\/uploads\/2026\/03\/20260301_V2-150x150.jpg\" class=\"attachment-thumbnail size-thumbnail wp-post-image\" alt=\"\" style=\"\" \/><\/div><a class=\"wp-block-latest-posts__post-title\" href=\"https:\/\/www.legeasll.com\/asll\/2026\/03\/04\/givrand-01-03-2026\/\">Givrand &#8211; 01\/03\/2026<\/a><div class=\"wp-block-latest-posts__post-excerpt\">M\u00e9t\u00e9o : Temps nuageux mais sans pluieChiffres : 19 randonneurs, 14,8 kmD\u00e9part de l\u2019\u00e9glise de Givrand pour un parcours de14,8 km. Apr\u00e8s une zone habit\u00e9e nous retrouvons la campagne, traversons le Jaunay avant d\u2019atteindre le rivage que nous suivons sur des dunes sablonneuses, nous contournons les marais avant de retrouver notre point de d\u00e9part et\u2026 <a class=\"wp-block-latest-posts__read-more\" href=\"https:\/\/www.legeasll.com\/asll\/2026\/03\/04\/givrand-01-03-2026\/\" rel=\"noopener noreferrer\">Lire la suite<span class=\"screen-reader-text\">\u00a0: Givrand &#8211; 01\/03\/2026<\/span><\/a><\/div><\/li>\n<li><div class=\"wp-block-latest-posts__featured-image alignleft\"><img loading=\"lazy\" decoding=\"async\" width=\"150\" height=\"150\" src=\"https:\/\/www.legeasll.com\/asll\/wp-content\/uploads\/2026\/02\/Martinet11-150x150.jpeg\" class=\"attachment-thumbnail size-thumbnail wp-post-image\" alt=\"\" style=\"\" \/><\/div><a class=\"wp-block-latest-posts__post-title\" href=\"https:\/\/www.legeasll.com\/asll\/2026\/02\/16\/martinet-15-02-2026\/\">Martinet &#8211; 15\/02\/2026<\/a><div class=\"wp-block-latest-posts__post-excerpt\">M\u00e9t\u00e9o : Temps pluvieuxChiffres : 2 randonneurs, 10,5 kmLa m\u00e9t\u00e9o ne nous a pas effray\u00e9es, Annie et moi.Par de beaux sentiers tr\u00e8s humides, nous d\u00e9ambulons souvent les pieds dans l&rsquo;eau et parfois pour \u00e9viter la noyade nous franchissons le talus qui longe le chemin pour continuer notre promenade.Apr\u00e8s de nombreuses p\u00e9rip\u00e9ties, ravies, nous avons parcouru\u2026 <a class=\"wp-block-latest-posts__read-more\" href=\"https:\/\/www.legeasll.com\/asll\/2026\/02\/16\/martinet-15-02-2026\/\" rel=\"noopener noreferrer\">Lire la suite<span class=\"screen-reader-text\">\u00a0: Martinet &#8211; 15\/02\/2026<\/span><\/a><\/div><\/li>\n<\/ul>\n\n\n<p><\/p>\n","protected":false},"excerpt":{"rendered":"<p>Pr\u00e9sentation section randonn\u00e9e p\u00e9destre Les sentiers \u00e0 Leg\u00e9 : (t\u00e9l\u00e9chargements au format PDF) Rythme des sorties de randonn\u00e9es : Premier [&hellip;]<\/p>\n","protected":false},"author":1,"featured_media":0,"parent":0,"menu_order":0,"comment_status":"closed","ping_status":"closed","template":"full_width.php","meta":{"site-sidebar-layout":"default","site-content-layout":"","ast-site-content-layout":"default","site-content-style":"default","site-sidebar-style":"default","ast-global-header-display":"","ast-banner-title-visibility":"","ast-main-header-display":"","ast-hfb-above-header-display":"","ast-hfb-below-header-display":"","ast-hfb-mobile-header-display":"","site-post-title":"","ast-breadcrumbs-content":"","ast-featured-img":"","footer-sml-layout":"","theme-transparent-header-meta":"","adv-header-id-meta":"","stick-header-meta":"","header-above-stick-meta":"","header-main-stick-meta":"","header-below-stick-meta":"","astra-migrate-meta-layouts":"default","ast-page-background-enabled":"default","ast-page-background-meta":{"desktop":{"background-color":"var(--ast-global-color-5)","background-image":"","background-repeat":"repeat","background-position":"center center","background-size":"auto","background-attachment":"scroll","background-type":"","background-media":"","overlay-type":"","overlay-color":"","overlay-opacity":"","overlay-gradient":""},"tablet":{"background-color":"","background-image":"","background-repeat":"repeat","background-position":"center center","background-size":"auto","background-attachment":"scroll","background-type":"","background-media":"","overlay-type":"","overlay-color":"","overlay-opacity":"","overlay-gradient":""},"mobile":{"background-color":"","background-image":"","background-repeat":"repeat","background-position":"center center","background-size":"auto","background-attachment":"scroll","background-type":"","background-media":"","overlay-type":"","overlay-color":"","overlay-opacity":"","overlay-gradient":""}},"ast-content-background-meta":{"desktop":{"background-color":"var(--ast-global-color-4)","background-image":"","background-repeat":"repeat","background-position":"center center","background-size":"auto","background-attachment":"scroll","background-type":"","background-media":"","overlay-type":"","overlay-color":"","overlay-opacity":"","overlay-gradient":""},"tablet":{"background-color":"var(--ast-global-color-4)","background-image":"","background-repeat":"repeat","background-position":"center center","background-size":"auto","background-attachment":"scroll","background-type":"","background-media":"","overlay-type":"","overlay-color":"","overlay-opacity":"","overlay-gradient":""},"mobile":{"background-color":"var(--ast-global-color-4)","background-image":"","background-repeat":"repeat","background-position":"center center","background-size":"auto","background-attachment":"scroll","background-type":"","background-media":"","overlay-type":"","overlay-color":"","overlay-opacity":"","overlay-gradient":""}},"footnotes":""},"class_list":["post-15897","page","type-page","status-publish","hentry"],"_links":{"self":[{"href":"https:\/\/www.legeasll.com\/asll\/wp-json\/wp\/v2\/pages\/15897","targetHints":{"allow":["GET"]}}],"collection":[{"href":"https:\/\/www.legeasll.com\/asll\/wp-json\/wp\/v2\/pages"}],"about":[{"href":"https:\/\/www.legeasll.com\/asll\/wp-json\/wp\/v2\/types\/page"}],"author":[{"embeddable":true,"href":"https:\/\/www.legeasll.com\/asll\/wp-json\/wp\/v2\/users\/1"}],"replies":[{"embeddable":true,"href":"https:\/\/www.legeasll.com\/asll\/wp-json\/wp\/v2\/comments?post=15897"}],"version-history":[{"count":116,"href":"https:\/\/www.legeasll.com\/asll\/wp-json\/wp\/v2\/pages\/15897\/revisions"}],"predecessor-version":[{"id":17950,"href":"https:\/\/www.legeasll.com\/asll\/wp-json\/wp\/v2\/pages\/15897\/revisions\/17950"}],"wp:attachment":[{"href":"https:\/\/www.legeasll.com\/asll\/wp-json\/wp\/v2\/media?parent=15897"}],"curies":[{"name":"wp","href":"https:\/\/api.w.org\/{rel}","templated":true}]}}